{"id":146,"date":"2025-08-22T00:27:48","date_gmt":"2025-08-22T00:27:48","guid":{"rendered":"https:\/\/paoladelrazo.com\/?page_id=146"},"modified":"2025-08-22T18:06:14","modified_gmt":"2025-08-22T18:06:14","slug":"sobre-mi","status":"publish","type":"page","link":"https:\/\/paoladelrazo.com\/en\/sobre-mi\/","title":{"rendered":"About me"},"content":{"rendered":"<p>[et_pb_section fb_built=\u00bb1&#8243; _builder_version=\u00bb4.27.4&#8243; _module_preset=\u00bbdefault\u00bb background_color=\u00bb#000000&#8243; custom_padding=\u00bb0px||0px|||\u00bb global_colors_info=\u00bb{}\u00bb][et_pb_row _builder_version=\u00bb4.27.4&#8243; _module_preset=\u00bbdefault\u00bb global_colors_info=\u00bb{}\u00bb][et_pb_column type=\u00bb4_4&#8243; _builder_version=\u00bb4.27.4&#8243; _module_preset=\u00bbdefault\u00bb global_colors_info=\u00bb{}\u00bb][et_pb_image src=\u00bbhttps:\/\/paoladelrazo.com\/wp-content\/uploads\/2025\/08\/grafico09.png\u00bb title_text=\u00bbgrafico09&#8243; align=\u00bbcenter\u00bb _builder_version=\u00bb4.27.4&#8243; _module_preset=\u00bbdefault\u00bb width=\u00bb30%\u00bb global_colors_info=\u00bb{}\u00bb][\/et_pb_image][et_pb_text _builder_version=\u00bb4.27.4&#8243; _module_preset=\u00bbdefault\u00bb text_font=\u00bbCormorant Garamond|700|on||||||\u00bb text_text_color=\u00bb#FFFFFF\u00bb text_font_size=\u00bb30px\u00bb text_orientation=\u00bbcenter\u00bb global_colors_info=\u00bb{}\u00bb]<\/p>\n<p class=\"p1\">Mentor, Author, Business Consultant, Speaker, and Founder of <b>Merkavah Synergy<\/b>.<\/p>\n<p>[\/et_pb_text][et_pb_divider color=\u00bb#FFFFFF\u00bb divider_weight=\u00bb2px\u00bb _builder_version=\u00bb4.27.4&#8243; _module_preset=\u00bbdefault\u00bb module_alignment=\u00bbcenter\u00bb global_colors_info=\u00bb{}\u00bb][\/et_pb_divider][et_pb_text _builder_version=\u00bb4.27.4&#8243; _module_preset=\u00bbdefault\u00bb text_text_color=\u00bb#FFFFFF\u00bb text_font_size=\u00bb20px\u00bb global_colors_info=\u00bb{}\u00bb]<\/p>\n<p class=\"p1\" style=\"text-align: center;\"><em>I'm here to help you grow both personally and professionally\u2014to scale your business with practical strategies, transformative content, and tools that turn your goals into real results.<\/em><\/p>\n<p>[\/et_pb_text][\/et_pb_column][\/et_pb_row][et_pb_row column_structure=\u00bb1_2,1_2&#8243; _builder_version=\u00bb4.27.4&#8243; _module_preset=\u00bbdefault\u00bb custom_padding=\u00bb||0px|||\u00bb global_colors_info=\u00bb{}\u00bb][et_pb_column type=\u00bb1_2&#8243; _builder_version=\u00bb4.27.4&#8243; _module_preset=\u00bbdefault\u00bb global_colors_info=\u00bb{}\u00bb][et_pb_image src=\u00bbhttps:\/\/paoladelrazo.com\/wp-content\/uploads\/2025\/08\/grafico13-1-scaled.png\u00bb title_text=\u00bbgrafico13&#8243; _builder_version=\u00bb4.27.4&#8243; _module_preset=\u00bbdefault\u00bb width=\u00bb80%\u00bb max_width=\u00bb80%\u00bb global_colors_info=\u00bb{}\u00bb][\/et_pb_image][\/et_pb_column][et_pb_column type=\u00bb1_2&#8243; _builder_version=\u00bb4.27.4&#8243; _module_preset=\u00bbdefault\u00bb global_colors_info=\u00bb{}\u00bb][et_pb_text _builder_version=\u00bb4.27.4&#8243; _module_preset=\u00bbdefault\u00bb header_font=\u00bbCormorant Garamond||||||||\u00bb header_text_align=\u00bbleft\u00bb header_text_color=\u00bb#FFFFFF\u00bb header_font_size=\u00bb49px\u00bb global_colors_info=\u00bb{}\u00bb]<\/p>\n<h1 class=\"p1\"><b>About me<\/b><\/h1>\n<p>[\/et_pb_text][et_pb_text _builder_version=\u00bb4.27.4&#8243; _module_preset=\u00bbdefault\u00bb text_font=\u00bb&#8211;et_global_body_font||||||||\u00bb text_text_color=\u00bb#FFFFFF\u00bb text_font_size=\u00bb21px\u00bb text_orientation=\u00bbjustified\u00bb custom_padding=\u00bb||40px||false|false\u00bb global_colors_info=\u00bb{}\u00bb]<\/p>\n<p class=\"p1\">I support people going through crises or personal transitions in reconnecting with their inner power, overcoming blocks, and building a life with authenticity and purpose. I also work with entrepreneurs, leaders, managers, and business owners who want to lead in a human, coherent, and conscious way.<\/p>\n<p class=\"p1\">My purpose is to help you stop surviving... and start leading your life.<\/p>\n<p>[\/et_pb_text][\/et_pb_column][\/et_pb_row][\/et_pb_section][et_pb_section fb_built=\u00bb1&#8243; _builder_version=\u00bb4.27.4&#8243; _module_preset=\u00bbdefault\u00bb background_image=\u00bbhttps:\/\/paoladelrazo.com\/wp-content\/uploads\/2025\/08\/grafico14.png\u00bb background_size=\u00bbcontain\u00bb background_position=\u00bbbottom_left\u00bb background_horizontal_offset=\u00bb0%\u00bb custom_margin=\u00bb0px||||false|false\u00bb global_colors_info=\u00bb{}\u00bb][et_pb_row column_structure=\u00bb1_2,1_2&#8243; _builder_version=\u00bb4.27.4&#8243; _module_preset=\u00bbdefault\u00bb global_colors_info=\u00bb{}\u00bb custom_margin__hover_enabled=\u00bbon|desktop\u00bb][et_pb_column type=\u00bb1_2&#8243; _builder_version=\u00bb4.27.4&#8243; _module_preset=\u00bbdefault\u00bb global_colors_info=\u00bb{}\u00bb][et_pb_text _builder_version=\u00bb4.27.4&#8243; _module_preset=\u00bbdefault\u00bb header_3_font=\u00bb||on||||||\u00bb header_3_text_align=\u00bbright\u00bb header_3_font_size=\u00bb250%\u00bb global_colors_info=\u00bb{}\u00bb]<\/p>\n<h3>It all began in my darkest moment\u2026<\/h3>\n<p>[\/et_pb_text][\/et_pb_column][et_pb_column type=\u00bb1_2&#8243; _builder_version=\u00bb4.27.4&#8243; _module_preset=\u00bbdefault\u00bb global_colors_info=\u00bb{}\u00bb][et_pb_text _builder_version=\u00bb4.27.4&#8243; _module_preset=\u00bbdefault\u00bb global_colors_info=\u00bb{}\u00bb]<\/p>\n<p class=\"p1\" style=\"text-align: justify;\">For years, I lived in a relationship where\u2014without realizing it\u2014I slowly lost connection with myself. I felt like my life was just \"meh,\" like something was missing, but I couldn\u2019t quite name it. Until one day, a voice inside me\u2014a voice that had always been there\u2014pushed me to seek more: more truth, more authenticity, more purpose.<\/p>\n<p class=\"p1\" style=\"text-align: justify;\">It was during a deep psychological therapy process, months before I left that relationship, that I confirmed what I had already sensed: <b>my inner voice was real, powerful, and wise.<\/b>I just needed to learn how to listen to it and trust it.<\/p>\n<p class=\"p1\" style=\"text-align: justify;\">I began listening to that voice. Reading, learning, questioning. Improving my habits, keeping my promises, and regaining love for myself.<\/p>\n<p class=\"p1\" style=\"text-align: justify;\">That was the beginning of my transformation.<\/p>\n<p class=\"p1\" style=\"text-align: justify;\">I quit a stable, comfortable job to create a new path\u2014one where I could combine my professional experience with my personal story, to guide others in discovering their own inner strength.<\/p>\n<p class=\"p2\" style=\"text-align: justify;\">That discovery was so transformative, it eventually became the soul of my first book:<br \/><b>\"In Tune With Your Voice\"<\/b>, a guide to returning to yourself, silencing doubt, and reconnecting with your inner power.<\/p>\n<p>[\/et_pb_text][\/et_pb_column][\/et_pb_row][\/et_pb_section][et_pb_section fb_built=\u00bb1&#8243; _builder_version=\u00bb4.27.4&#8243; _module_preset=\u00bbdefault\u00bb background_color=\u00bb#000000&#8243; background_image=\u00bbhttps:\/\/paoladelrazo.com\/wp-content\/uploads\/2025\/08\/grafico15.png\u00bb background_size=\u00bbcontain\u00bb background_position=\u00bbbottom_right\u00bb global_colors_info=\u00bb{}\u00bb][et_pb_row column_structure=\u00bb1_2,1_2&#8243; _builder_version=\u00bb4.27.4&#8243; _module_preset=\u00bbdefault\u00bb global_colors_info=\u00bb{}\u00bb][et_pb_column type=\u00bb1_2&#8243; _builder_version=\u00bb4.27.4&#8243; _module_preset=\u00bbdefault\u00bb global_colors_info=\u00bb{}\u00bb][et_pb_text _builder_version=\u00bb4.27.4&#8243; _module_preset=\u00bbdefault\u00bb text_text_color=\u00bb#FFFFFF\u00bb global_colors_info=\u00bb{}\u00bb]<\/p>\n<p class=\"p1\" style=\"text-align: justify;\">Since childhood, I\u2019ve felt a desire to contribute to the well-being of others. Back then, I imagined starting a foundation or bringing free education to underprivileged children. Although that project hasn\u2019t materialized yet, I\u2019ve always sought ways to help and make a difference whenever I can.<\/p>\n<p class=\"p1\" style=\"text-align: justify;\">My parents\u2014whom I deeply admire and who always guided me with love\u2014taught me early on that I should be of service to others. That advice shaped my worldview and became one of my strongest guiding principles.<\/p>\n<p class=\"p1\" style=\"text-align: justify;\">Today, that sense of service is an essential part of my work: supporting individuals and leaders in strengthening their inner lives, developing their leadership, and achieving real results both personally and professionally.<\/p>\n<p>[\/et_pb_text][\/et_pb_column][et_pb_column type=\u00bb1_2&#8243; _builder_version=\u00bb4.27.4&#8243; _module_preset=\u00bbdefault\u00bb global_colors_info=\u00bb{}\u00bb][et_pb_text _builder_version=\u00bb4.27.4&#8243; _module_preset=\u00bbdefault\u00bb header_3_font=\u00bb||on||||||\u00bb header_3_text_color=\u00bb#FFFFFF\u00bb header_3_font_size=\u00bb250%\u00bb global_colors_info=\u00bb{}\u00bb]<\/p>\n<h3 class=\"p1\"><b>I always dreamed of helping\u2026<\/b><\/h3>\n<p>[\/et_pb_text][\/et_pb_column][\/et_pb_row][\/et_pb_section][et_pb_section fb_built=\u00bb1&#8243; _builder_version=\u00bb4.27.4&#8243; _module_preset=\u00bbdefault\u00bb background_image=\u00bbhttps:\/\/paoladelrazo.com\/wp-content\/uploads\/2025\/08\/grafico16.png\u00bb background_size=\u00bbcontain\u00bb background_position=\u00bbbottom_left\u00bb global_colors_info=\u00bb{}\u00bb][et_pb_row column_structure=\u00bb1_2,1_2&#8243; _builder_version=\u00bb4.27.4&#8243; _module_preset=\u00bbdefault\u00bb global_colors_info=\u00bb{}\u00bb][et_pb_column type=\u00bb1_2&#8243; _builder_version=\u00bb4.27.4&#8243; _module_preset=\u00bbdefault\u00bb global_colors_info=\u00bb{}\u00bb][et_pb_text _builder_version=\u00bb4.27.4&#8243; _module_preset=\u00bbdefault\u00bb header_3_font=\u00bb||on||||||\u00bb header_3_font_size=\u00bb250%\u00bb global_colors_info=\u00bb{}\u00bb]<\/p>\n<h3 class=\"p1\" style=\"text-align: center;\"><b>My Professional Experience<\/b><\/h3>\n<p>[\/et_pb_text][\/et_pb_column][et_pb_column type=\u00bb1_2&#8243; _builder_version=\u00bb4.27.4&#8243; _module_preset=\u00bbdefault\u00bb global_colors_info=\u00bb{}\u00bb][et_pb_text _builder_version=\u00bb4.27.4&#8243; _module_preset=\u00bbdefault\u00bb global_colors_info=\u00bb{}\u00bb]<\/p>\n<p class=\"p1\" style=\"text-align: justify;\">I graduated in 2010 with a degree in <b>Communication and Public Relations<\/b>, and began my career as a waitress in an American restaurant. What may seem like a simple step was actually eye-opening: the onboarding, company culture, and processes were so well-designed, they revealed to me\u2014for the first time\u2014the power of a solid, purpose-driven organizational structure.<\/p>\n<p class=\"p1\" style=\"text-align: justify;\">In 2011, I joined <b>Grupo Modelo<\/b> as an account executive, building strong relationships with restaurant owners and learning the value of win-win partnerships. Later, I worked at <b>TV Azteca<\/b>in the world of advertising sales, and then at <b>Grupo Expansi\u00f3n<\/b> as a KAM in the luxury, fashion, and beauty divisions, where I learned about positioning, high-level strategy, and sales.<\/p>\n<p class=\"p1\" style=\"text-align: justify;\">In 2018, I moved to the United States and started over:<br \/>From waitress to office manager, from kindergarten teacher to car saleswoman, from general manager to <b>District Manager<\/b>. Along the way, I discovered that my true strength was in building teams, transforming workplace cultures, developing leaders, and creating internal structures that actually work.<\/p>\n<p class=\"p1\" style=\"text-align: justify;\">All that experience led me to create <b>Merkavah Synergy<\/b>, a company born from both heart and applied knowledge.<\/p>\n<p>[\/et_pb_text][\/et_pb_column][\/et_pb_row][\/et_pb_section][et_pb_section fb_built=\u00bb1&#8243; _builder_version=\u00bb4.27.4&#8243; _module_preset=\u00bbdefault\u00bb background_color=\u00bb#000000&#8243; global_colors_info=\u00bb{}\u00bb][et_pb_row _builder_version=\u00bb4.27.4&#8243; _module_preset=\u00bbdefault\u00bb global_colors_info=\u00bb{}\u00bb][et_pb_column type=\u00bb4_4&#8243; _builder_version=\u00bb4.27.4&#8243; _module_preset=\u00bbdefault\u00bb global_colors_info=\u00bb{}\u00bb][et_pb_text _builder_version=\u00bb4.27.4&#8243; _module_preset=\u00bbdefault\u00bb header_3_font=\u00bb||on||||||\u00bb header_3_text_align=\u00bbcenter\u00bb header_3_text_color=\u00bb#FFFFFF\u00bb header_3_font_size=\u00bb250%\u00bb global_colors_info=\u00bb{}\u00bb]<\/p>\n<h3 class=\"p1\"><b>Today, I help individuals and companies transform from the inside out through...<\/b><\/h3>\n<p>[\/et_pb_text][\/et_pb_column][\/et_pb_row][et_pb_row column_structure=\u00bb1_6,1_6,1_6,1_6,1_6,1_6&#8243; _builder_version=\u00bb4.27.4&#8243; _module_preset=\u00bbdefault\u00bb global_colors_info=\u00bb{}\u00bb][et_pb_column type=\u00bb1_6&#8243; _builder_version=\u00bb4.27.4&#8243; _module_preset=\u00bbdefault\u00bb global_colors_info=\u00bb{}\u00bb][et_pb_blurb title=\u00bbMentor\u00edas 1:1 personalizadas\u00bb image=\u00bbhttps:\/\/paoladelrazo.com\/wp-content\/uploads\/2025\/08\/icon01.png\u00bb _builder_version=\u00bb4.27.4&#8243; _module_preset=\u00bbdefault\u00bb header_text_align=\u00bbcenter\u00bb header_text_color=\u00bb#FFFFFF\u00bb global_colors_info=\u00bb{}\u00bb][\/et_pb_blurb][\/et_pb_column][et_pb_column type=\u00bb1_6&#8243; _builder_version=\u00bb4.27.4&#8243; _module_preset=\u00bbdefault\u00bb global_colors_info=\u00bb{}\u00bb][et_pb_blurb title=\u00bbWebinars gratuitos y entrenamientos en vivo\u2028\u00bb image=\u00bbhttps:\/\/paoladelrazo.com\/wp-content\/uploads\/2025\/08\/icon02.png\u00bb _builder_version=\u00bb4.27.4&#8243; _module_preset=\u00bbdefault\u00bb header_text_align=\u00bbcenter\u00bb header_text_color=\u00bb#FFFFFF\u00bb global_colors_info=\u00bb{}\u00bb][\/et_pb_blurb][\/et_pb_column][et_pb_column type=\u00bb1_6&#8243; _builder_version=\u00bb4.27.4&#8243; _module_preset=\u00bbdefault\u00bb global_colors_info=\u00bb{}\u00bb][et_pb_blurb title=\u00bbTalleres y eventos presenciales\u00bb image=\u00bbhttps:\/\/paoladelrazo.com\/wp-content\/uploads\/2025\/08\/icon03.png\u00bb _builder_version=\u00bb4.27.4&#8243; _module_preset=\u00bbdefault\u00bb header_text_align=\u00bbcenter\u00bb header_text_color=\u00bb#FFFFFF\u00bb global_colors_info=\u00bb{}\u00bb][\/et_pb_blurb][\/et_pb_column][et_pb_column type=\u00bb1_6&#8243; _builder_version=\u00bb4.27.4&#8243; _module_preset=\u00bbdefault\u00bb global_colors_info=\u00bb{}\u00bb][et_pb_blurb title=\u00bbMi libro \u201cEn Sinton\u00eda con tu Voz\u201d + recursos digitales\u00bb image=\u00bbhttps:\/\/paoladelrazo.com\/wp-content\/uploads\/2025\/08\/icon04.png\u00bb _builder_version=\u00bb4.27.4&#8243; _module_preset=\u00bbdefault\u00bb header_text_align=\u00bbcenter\u00bb header_text_color=\u00bb#FFFFFF\u00bb global_colors_info=\u00bb{}\u00bb][\/et_pb_blurb][\/et_pb_column][et_pb_column type=\u00bb1_6&#8243; _builder_version=\u00bb4.27.4&#8243; _module_preset=\u00bbdefault\u00bb global_colors_info=\u00bb{}\u00bb][et_pb_blurb title=\u00bbPrograma de Liderazgo Interior\u00bb image=\u00bbhttps:\/\/paoladelrazo.com\/wp-content\/uploads\/2025\/08\/icon05.png\u00bb _builder_version=\u00bb4.27.4&#8243; _module_preset=\u00bbdefault\u00bb header_text_align=\u00bbcenter\u00bb header_text_color=\u00bb#FFFFFF\u00bb global_colors_info=\u00bb{}\u00bb][\/et_pb_blurb][\/et_pb_column][et_pb_column type=\u00bb1_6&#8243; _builder_version=\u00bb4.27.4&#8243; _module_preset=\u00bbdefault\u00bb global_colors_info=\u00bb{}\u00bb][et_pb_blurb title=\u00bbCursos online, comunidad y membres\u00eda\u00bb image=\u00bbhttps:\/\/paoladelrazo.com\/wp-content\/uploads\/2025\/08\/icon06.png\u00bb _builder_version=\u00bb4.27.4&#8243; _module_preset=\u00bbdefault\u00bb header_text_align=\u00bbcenter\u00bb header_text_color=\u00bb#FFFFFF\u00bb global_colors_info=\u00bb{}\u00bb][\/et_pb_blurb][\/et_pb_column][\/et_pb_row][\/et_pb_section][et_pb_section fb_built=\u00bb1&#8243; _builder_version=\u00bb4.27.4&#8243; _module_preset=\u00bbdefault\u00bb global_colors_info=\u00bb{}\u00bb][et_pb_row _builder_version=\u00bb4.27.4&#8243; _module_preset=\u00bbdefault\u00bb custom_margin=\u00bb|auto|-17px|auto||\u00bb custom_padding=\u00bb10px|10px|10px|10px|false|false\u00bb border_width_all=\u00bb2px\u00bb global_colors_info=\u00bb{}\u00bb][et_pb_column type=\u00bb4_4&#8243; _builder_version=\u00bb4.27.4&#8243; _module_preset=\u00bbdefault\u00bb global_colors_info=\u00bb{}\u00bb][et_pb_text _builder_version=\u00bb4.27.4&#8243; _module_preset=\u00bbdefault\u00bb header_2_font=\u00bb||on||||||\u00bb header_2_text_align=\u00bbcenter\u00bb header_2_font_size=\u00bb40px\u00bb global_colors_info=\u00bb{}\u00bb]<\/p>\n<h2 class=\"p1\"><b>What\u2019s next?<\/b><\/h2>\n<p>[\/et_pb_text][et_pb_text _builder_version=\u00bb4.27.4&#8243; _module_preset=\u00bbdefault\u00bb text_font=\u00bbCormorant Garamond||||||||\u00bb text_font_size=\u00bb20px\u00bb text_orientation=\u00bbcenter\u00bb global_colors_info=\u00bb{}\u00bb]<\/p>\n<p class=\"p2\">If you\u2019re at a turning point, if you feel something inside you is ready to awaken, if you know you have more to give but don\u2019t know how\u2014this space is for you.<\/p>\n<p class=\"p2\">I want to help you stop self-sabotaging, reclaim your voice and power, and lead your life and business with authenticity, clarity, and confidence.<\/p>\n<p class=\"p2\">Thank you for being here.<br \/>I\u2019m thrilled to connect with you.<\/p>\n<p>[\/et_pb_text][et_pb_text _builder_version=\u00bb4.27.4&#8243; _module_preset=\u00bbdefault\u00bb text_font=\u00bbCormorant Garamond||||||||\u00bb text_font_size=\u00bb20px\u00bb text_orientation=\u00bbright\u00bb global_colors_info=\u00bb{}\u00bb]<\/p>\n<p class=\"p2\"><b>With love and purpose,<\/b><\/p>\n<p>[\/et_pb_text][et_pb_image src=\u00bbhttps:\/\/paoladelrazo.com\/wp-content\/uploads\/2025\/08\/grafico11.png\u00bb title_text=\u00bbgrafico11&#8243; admin_label=\u00bbImagen\u00bb _builder_version=\u00bb4.27.4&#8243; _module_preset=\u00bbdefault\u00bb width=\u00bb25%\u00bb module_alignment=\u00bbright\u00bb global_colors_info=\u00bb{}\u00bb][\/et_pb_image][\/et_pb_column][\/et_pb_row][\/et_pb_section][et_pb_section fb_built=\u00bb1&#8243; _builder_version=\u00bb4.27.4&#8243; _module_preset=\u00bbdefault\u00bb background_color=\u00bb#000000&#8243; global_colors_info=\u00bb{}\u00bb theme_builder_area=\u00bbpost_content\u00bb][et_pb_row column_structure=\u00bb1_3,1_3,1_3&#8243; _builder_version=\u00bb4.27.4&#8243; _module_preset=\u00bbdefault\u00bb custom_margin=\u00bb0px||0px||false|false\u00bb custom_padding=\u00bb0px||0px||false|false\u00bb global_colors_info=\u00bb{}\u00bb theme_builder_area=\u00bbpost_content\u00bb][et_pb_column type=\u00bb1_3&#8243; _builder_version=\u00bb4.27.4&#8243; _module_preset=\u00bbdefault\u00bb global_colors_info=\u00bb{}\u00bb theme_builder_area=\u00bbpost_content\u00bb][et_pb_image src=\u00bbhttps:\/\/paoladelrazo.com\/wp-content\/uploads\/2025\/07\/logo_blanco_v3.png\u00bb alt=\u00bbLogotipo de Paola Del Razo, mentora y conferencista en liderazgo consciente\u00bb title_text=\u00bbLogo de Paola Del Razo\u00bb _builder_version=\u00bb4.27.4&#8243; _module_preset=\u00bbdefault\u00bb global_colors_info=\u00bb{}\u00bb theme_builder_area=\u00bbpost_content\u00bb][\/et_pb_image][\/et_pb_column][et_pb_column type=\u00bb1_3&#8243; _builder_version=\u00bb4.27.4&#8243; _module_preset=\u00bbdefault\u00bb custom_padding=\u00bb|||50px|false|false\u00bb global_colors_info=\u00bb{}\u00bb theme_builder_area=\u00bbpost_content\u00bb][et_pb_text _builder_version=\u00bb4.27.4&#8243; _module_preset=\u00bbdefault\u00bb text_font=\u00bb&#8211;et_global_body_font||||||||\u00bb ul_font=\u00bbCormorant Garamond||||||||\u00bb ul_text_color=\u00bbgcid-primary-color\u00bb ul_font_size=\u00bb100%\u00bb hover_enabled=\u00bb0&#8243; global_colors_info=\u00bb{%22gcid-primary-color%22:%91%22ul_text_color%22%93}\u00bb theme_builder_area=\u00bbpost_content\u00bb sticky_enabled=\u00bb0&#8243;]<\/p>\n<ul>\n<li><a href=\"https:\/\/paoladelrazo.com\/en\/inicio\/\" title=\"Home\"><span style=\"text-decoration: underline;\">Home<\/span><\/a><\/li>\n<li><a href=\"https:\/\/paoladelrazo.com\/en\/sobre-mi\/\"><span style=\"text-decoration: underline;\">Aboute me<\/span><\/a><\/li>\n<li><a href=\"https:\/\/paoladelrazo.com\/en\/mentoria\/\"><span style=\"text-decoration: underline;\">Mentorship<\/span><\/a><\/li>\n<li><a href=\"https:\/\/paoladelrazo.com\/en\/blog\/\" title=\"Blog\"><span style=\"text-decoration: underline;\">Blog<\/span><\/a><\/li>\n<li><a href=\"https:\/\/paoladelrazo.com\/en\/contacto\/\" title=\"Get in Touch\"><span style=\"text-decoration: underline;\">Get in Touch<\/span><\/a><\/li>\n<li><a href=\"https:\/\/paoladelrazo.com\/en\/privacy-policy\/\" target=\"_blank\" rel=\"noopener\"><span style=\"text-decoration: underline;\">Privacy Policy<\/span><\/a><\/li>\n<li><a href=\"https:\/\/paoladelrazo.com\/en\/terminos-y-condiciones\/\" target=\"_blank\" rel=\"noopener\"><span style=\"text-decoration: underline;\">Terms of Use<\/span><\/a><\/li>\n<\/ul>\n<p>[\/et_pb_text][\/et_pb_column][et_pb_column type=\u00bb1_3&#8243; _builder_version=\u00bb4.27.4&#8243; _module_preset=\u00bbdefault\u00bb global_colors_info=\u00bb{}\u00bb theme_builder_area=\u00bbpost_content\u00bb][et_pb_social_media_follow _builder_version=\u00bb4.27.4&#8243; _module_preset=\u00bbdefault\u00bb text_orientation=\u00bbright\u00bb global_colors_info=\u00bb{%22gcid-4ca852c7-a2a5-475a-b80e-66e92356fe86%22:%91%22icon_color%22%93,%22gcid-primary-color%22:%91%22button_bg_color%22,%22button_text_color%22%93}\u00bb theme_builder_area=\u00bbpost_content\u00bb][et_pb_social_media_follow_network social_network=\u00bbfacebook\u00bb _builder_version=\u00bb4.27.4&#8243; _module_preset=\u00bbdefault\u00bb global_colors_info=\u00bb{}\u00bb theme_builder_area=\u00bbpost_content\u00bb follow_button=\u00bboff\u00bb url_new_window=\u00bbon\u00bb]facebook[\/et_pb_social_media_follow_network][et_pb_social_media_follow_network social_network=\u00bbinstagram\u00bb _builder_version=\u00bb4.27.4&#8243; _module_preset=\u00bbdefault\u00bb global_colors_info=\u00bb{}\u00bb theme_builder_area=\u00bbpost_content\u00bb follow_button=\u00bboff\u00bb url_new_window=\u00bbon\u00bb]instagram[\/et_pb_social_media_follow_network][et_pb_social_media_follow_network social_network=\u00bbtiktok\u00bb _builder_version=\u00bb4.27.4&#8243; _module_preset=\u00bbdefault\u00bb global_colors_info=\u00bb{}\u00bb theme_builder_area=\u00bbpost_content\u00bb follow_button=\u00bboff\u00bb url_new_window=\u00bbon\u00bb]tiktok[\/et_pb_social_media_follow_network][et_pb_social_media_follow_network social_network=\u00bbyoutube\u00bb _builder_version=\u00bb4.27.4&#8243; _module_preset=\u00bbdefault\u00bb global_colors_info=\u00bb{}\u00bb theme_builder_area=\u00bbpost_content\u00bb follow_button=\u00bboff\u00bb url_new_window=\u00bbon\u00bb]youtube[\/et_pb_social_media_follow_network][\/et_pb_social_media_follow][\/et_pb_column][\/et_pb_row][\/et_pb_section]<\/p>","protected":false},"excerpt":{"rendered":"<p>Mentora, Autora, Consultora de Negocios, Speaker y Fundadora de Merkavah Synergy.Estoy aqu\u00ed para ayudarte a crecer como persona y como l\u00edder, a escalar tu negocio con estrategias pr\u00e1cticas, contenido transformador y herramientas que conviertan tus metas en resultados concretos.Sobre m\u00edAcompa\u00f1o a personas que est\u00e1n atravesando una crisis o transici\u00f3n personal a reconectar con su poder [&hellip;]<\/p>","protected":false},"author":2,"featured_media":0,"parent":0,"menu_order":0,"comment_status":"closed","ping_status":"closed","template":"","meta":{"_et_pb_use_builder":"on","_et_pb_old_content":"","_et_gb_content_width":"","footnotes":""},"class_list":["post-146","page","type-page","status-publish","hentry"],"_links":{"self":[{"href":"https:\/\/paoladelrazo.com\/en\/wp-json\/wp\/v2\/pages\/146","targetHints":{"allow":["GET"]}}],"collection":[{"href":"https:\/\/paoladelrazo.com\/en\/wp-json\/wp\/v2\/pages"}],"about":[{"href":"https:\/\/paoladelrazo.com\/en\/wp-json\/wp\/v2\/types\/page"}],"author":[{"embeddable":true,"href":"https:\/\/paoladelrazo.com\/en\/wp-json\/wp\/v2\/users\/2"}],"replies":[{"embeddable":true,"href":"https:\/\/paoladelrazo.com\/en\/wp-json\/wp\/v2\/comments?post=146"}],"version-history":[{"count":0,"href":"https:\/\/paoladelrazo.com\/en\/wp-json\/wp\/v2\/pages\/146\/revisions"}],"wp:attachment":[{"href":"https:\/\/paoladelrazo.com\/en\/wp-json\/wp\/v2\/media?parent=146"}],"curies":[{"name":"wp","href":"https:\/\/api.w.org\/{rel}","templated":true}]}}